{"id":3859,"date":"2022-07-06T21:43:13","date_gmt":"2022-07-06T19:43:13","guid":{"rendered":"https:\/\/apologia.hu\/tudastar\/lexikon\/isza-maszih\/"},"modified":"2022-08-16T19:17:57","modified_gmt":"2022-08-16T17:17:57","slug":"isza-maszih","status":"publish","type":"encyclopedia","link":"https:\/\/apologia.hu\/tudastar\/lexikon\/isza-maszih\/","title":{"rendered":"\u00cdsz\u00e1 Maszih"},"content":{"rendered":"<p><a href=\"https:\/\/apologia.hu\/tudastar\/lexikon\/jezus-krisztus\/\" target=\"_self\" title=\"J&eacute;zus Krisztus a kereszt&eacute;ny vall&aacute;s alap&iacute;t&oacute;ja. Az i.sz. 1. sz&aacute;zadban &eacute;lt zsid&oacute; f&eacute;rfi, h&iacute;vei sz&aacute;m&aacute;ra a megj&ouml;vend&ouml;lt, sz&aacute;zadokon &aacute;t v&aacute;rt, &eacute;s elj&ouml;tt &bdquo;messi&aacute;s&rdquo; [h&eacute;ber mas&iacute;ach, g&ouml;r&ouml;g khrisztosz = &bdquo;(olajjal) felkent&rdquo;, azaz felhatalmazott), illetve &bdquo;Isten Fia&rdquo; &eacute;s az &bdquo;Ember Fia&rdquo;, az emberr&eacute; lett Isten. A J&eacute;s&uacute;a az &oacute;kori zsid&oacute;s&aacute;gban elterjedt szem&eacute;lyn&eacute;v volt, jelent&eacute;se kb. &bdquo;JHVH a&hellip;\" class=\"encyclopedia\">J&eacute;zus<\/a>, a Messi&aacute;s neve arabul a Kor&aacute;nban &ndash; Az arab kereszt&eacute;nyek <a href=\"https:\/\/apologia.hu\/tudastar\/lexikon\/jezus-krisztus\/\" target=\"_self\" title=\"J&eacute;zus Krisztus a kereszt&eacute;ny vall&aacute;s alap&iacute;t&oacute;ja. Az i.sz. 1. sz&aacute;zadban &eacute;lt zsid&oacute; f&eacute;rfi, h&iacute;vei sz&aacute;m&aacute;ra a megj&ouml;vend&ouml;lt, sz&aacute;zadokon &aacute;t v&aacute;rt, &eacute;s elj&ouml;tt &bdquo;messi&aacute;s&rdquo; [h&eacute;ber mas&iacute;ach, g&ouml;r&ouml;g khrisztosz = &bdquo;(olajjal) felkent&rdquo;, azaz felhatalmazott), illetve &bdquo;Isten Fia&rdquo; &eacute;s az &bdquo;Ember Fia&rdquo;, az emberr&eacute; lett Isten. A J&eacute;s&uacute;a az &oacute;kori zsid&oacute;s&aacute;gban elterjedt szem&eacute;lyn&eacute;v volt, jelent&eacute;se kb. &bdquo;JHVH a&hellip;\" class=\"encyclopedia\">J&eacute;zus<\/a> nev&eacute;t mindig is <em>Jasz&uacute;<\/em>-nak ejtett&eacute;k a h&eacute;ber <em>J&eacute;sua<\/em> nyom&aacute;n. A kor&aacute;ni v&aacute;ltozat (<em>&Iacute;sz&aacute;<\/em>) eredete rejt&eacute;ly, vsz. az arab &iacute;r&aacute;s lass&uacute; fejl&#337;d&eacute;se k&ouml;zben torzult el a kiejt&eacute;s. A <a href=\"https:\/\/apologia.hu\/tudastar\/lexikon\/koran\/\" target=\"_self\" title=\"Arabul &bdquo;recit&aacute;lni, felolvasni, szavalni val&oacute;&rdquo; sz&ouml;veg [al-Qur'&aacute;n] &ndash; Az iszl&aacute;m szent&iacute;r&aacute;s&aacute;nak neve, c&iacute;me (Q 43:3 56:77 85:21 stb.), amit gyakran a &bdquo;nemes&rdquo; vagy &bdquo;kegyes&rdquo; jelz&#337;vel eg&eacute;sz&iacute;tenek ki [pl. al-Qur'&aacute;n al-Kar&iacute;m = a Kegyes Kor&aacute;n]. A Kor&aacute;n mint szent&iacute;r&aacute;s Allah &uuml;zenete, kinyilv&aacute;n&iacute;tott akarata. Mivel Allah &ouml;r&ouml;k, a szava is &ouml;r&ouml;k, &iacute;gy maga a Kor&aacute;n is &bdquo;teremtetlen&rdquo;&hellip;\" class=\"encyclopedia\">Kor&aacute;n<\/a> a <em>maszih<\/em> sz&oacute;t is csak &aacute;tvette a h&eacute;berb&#337;l [<em>m&aacute;s&iacute;ach<\/em>], de bibliai jelent&eacute;se, izraelita &eacute;s kereszt&eacute;ny jelent&#337;s&eacute;ge n&eacute;lk&uuml;l, ez&eacute;rt <a href=\"https:\/\/apologia.hu\/tudastar\/lexikon\/muszlim\/\" target=\"_self\" title=\"Arabul &bdquo;aki al&aacute;veti mag&aacute;t&rdquo; (Allah akarat&aacute;nak), &bdquo;aki megb&eacute;k&eacute;l&rdquo; (Allah akarat&aacute;val) [n&#337;n. muszlima, t.sz. muszlim&uacute;n] &ndash; Az iszl&aacute;m h&iacute;veinek leggyakoribb &ouml;nmegnevez&eacute;se. Az aszlama = megb&eacute;k&eacute;lni, beh&oacute;dolni, &ouml;nmag&aacute;t al&aacute;vetni ig&eacute;b&#337;l. A &bdquo;muszlim&rdquo; magyarul is k&ouml;nnyen kiejthet&#337; &eacute;s elterjedt sz&oacute;. A &bdquo;muzulm&aacute;n&rdquo; v&aacute;ltozat &ndash; a t&ouml;r&ouml;k m&uuml;sz&uuml;lm&eacute;n nyom&aacute;n &ndash; elfogadhat&oacute;, a n&eacute;metes &bdquo;mozlim&rdquo; az akad&eacute;miai aj&aacute;nl&aacute;s ellen&eacute;re sincs&hellip;\" class=\"encyclopedia\">muszlim<\/a> hittud&oacute;sok nemzed&eacute;kei tal&aacute;lgatt&aacute;k jelent&eacute;s&eacute;t, &eacute;s pr&oacute;b&aacute;lt&aacute;k arab szavakb&oacute;l sz&aacute;rmaztatni.<\/p>\n<p>A kor&aacute;ni &bdquo;&iacute;szal&oacute;gia&rdquo; az &uacute;jsz&ouml;vets&eacute;gi krisztol&oacute;gia szinte minden elem&eacute;t tagadja vagy &aacute;t&eacute;rtelmezi. &Iacute;sz&aacute; nem Isten Fia [<em>ibn All&aacute;h \/ valadull&aacute;h<\/em>] (Q 9:30 2:116 17:111), csak &bdquo;M&aacute;ria fia&rdquo; [<em>Ibn <a href=\"https:\/\/apologia.hu\/tudastar\/lexikon\/marjam\/\" target=\"_self\" title=\"A bibliai M&aacute;ria (pl. J&eacute;zus &eacute;desanyja) neve arabul a Kor&aacute;nban.\" class=\"encyclopedia\">Marjam<\/a><\/em>], sz&#369;zt&#337;l sz&uuml;letett, de csak teremtm&eacute;ny, &eacute;s az&eacute;rt nem volt apja, mert <a href=\"https:\/\/apologia.hu\/tudastar\/lexikon\/allah\/\" target=\"_self\" title=\"Az iszl&aacute;mban Isten szem&eacute;lyneve. Elterjedt n&eacute;zet szerint az All&aacute;h az arab al-il&aacute;h [&bdquo;az Isten&rdquo;] &ouml;sszeolvad&aacute;sa, de k&eacute;ts&eacute;ges, hogy a mekkai szent&eacute;ly 360 istene k&ouml;z&uuml;l az egyik neve &bdquo;azisten&rdquo; lett volna. M&aacute;s n&eacute;zet szerint a sz&iacute;r kereszt&eacute;nyek &aacute;ltal hirdetett All&aacute;h&aacute; (&bdquo;Isten&rdquo;) &aacute;tv&eacute;tele, ami megmagyar&aacute;zn&aacute;, hogy a mekkai istenek k&ouml;z&ouml;tt mi&eacute;rt csak Allahnak volt vil&aacute;gteremt&#337; funkci&oacute;ja: a&hellip;\" class=\"encyclopedia\">Allah<\/a> azt mondta: &bdquo;Legyen!&rdquo; &ndash; &eacute;s lett (Q 19:35). &Iacute;sz&aacute; <a href=\"https:\/\/apologia.hu\/tudastar\/lexikon\/allah\/\" target=\"_self\" title=\"Az iszl&aacute;mban Isten szem&eacute;lyneve. Elterjedt n&eacute;zet szerint az All&aacute;h az arab al-il&aacute;h [&bdquo;az Isten&rdquo;] &ouml;sszeolvad&aacute;sa, de k&eacute;ts&eacute;ges, hogy a mekkai szent&eacute;ly 360 istene k&ouml;z&uuml;l az egyik neve &bdquo;azisten&rdquo; lett volna. M&aacute;s n&eacute;zet szerint a sz&iacute;r kereszt&eacute;nyek &aacute;ltal hirdetett All&aacute;h&aacute; (&bdquo;Isten&rdquo;) &aacute;tv&eacute;tele, ami megmagyar&aacute;zn&aacute;, hogy a mekkai istenek k&ouml;z&ouml;tt mi&eacute;rt csak Allahnak volt vil&aacute;gteremt&#337; funkci&oacute;ja: a&hellip;\" class=\"encyclopedia\">Allah<\/a> k&uuml;ld&ouml;tte [<em>rasz&uacute;l<\/em>], <a href=\"https:\/\/apologia.hu\/tudastar\/lexikon\/allah\/\" target=\"_self\" title=\"Az iszl&aacute;mban Isten szem&eacute;lyneve. Elterjedt n&eacute;zet szerint az All&aacute;h az arab al-il&aacute;h [&bdquo;az Isten&rdquo;] &ouml;sszeolvad&aacute;sa, de k&eacute;ts&eacute;ges, hogy a mekkai szent&eacute;ly 360 istene k&ouml;z&uuml;l az egyik neve &bdquo;azisten&rdquo; lett volna. M&aacute;s n&eacute;zet szerint a sz&iacute;r kereszt&eacute;nyek &aacute;ltal hirdetett All&aacute;h&aacute; (&bdquo;Isten&rdquo;) &aacute;tv&eacute;tele, ami megmagyar&aacute;zn&aacute;, hogy a mekkai istenek k&ouml;z&ouml;tt mi&eacute;rt csak Allahnak volt vil&aacute;gteremt&#337; funkci&oacute;ja: a&hellip;\" class=\"encyclopedia\">Allah<\/a> szava [<em>kalima<\/em>] &eacute;s t&#337;le val&oacute; l&eacute;lek [<em><a href=\"https:\/\/apologia.hu\/tudastar\/lexikon\/ruh\/\" target=\"_self\" title=\"Arabul &bdquo;szellem&rdquo; vagy &bdquo;l&eacute;lek&rdquo; &ndash; A Kor&aacute;nban szerepl&#337; bibliai Szentl&eacute;lek [r&uacute;h al-quddusz, ar-r&uacute;h] a k&eacute;s&#337;bbi muszlim hagyom&aacute;ny &eacute;rtelmez&eacute;s&eacute;ben G&aacute;briel [Dzsibr&iacute;l] (ark)angyal lett.\" class=\"encyclopedia\">r&uacute;h<\/a><\/em>] (Q 4:171). Csod&aacute;kat tett, de csak <a href=\"https:\/\/apologia.hu\/tudastar\/lexikon\/allah\/\" target=\"_self\" title=\"Az iszl&aacute;mban Isten szem&eacute;lyneve. Elterjedt n&eacute;zet szerint az All&aacute;h az arab al-il&aacute;h [&bdquo;az Isten&rdquo;] &ouml;sszeolvad&aacute;sa, de k&eacute;ts&eacute;ges, hogy a mekkai szent&eacute;ly 360 istene k&ouml;z&uuml;l az egyik neve &bdquo;azisten&rdquo; lett volna. M&aacute;s n&eacute;zet szerint a sz&iacute;r kereszt&eacute;nyek &aacute;ltal hirdetett All&aacute;h&aacute; (&bdquo;Isten&rdquo;) &aacute;tv&eacute;tele, ami megmagyar&aacute;zn&aacute;, hogy a mekkai istenek k&ouml;z&ouml;tt mi&eacute;rt csak Allahnak volt vil&aacute;gteremt&#337; funkci&oacute;ja: a&hellip;\" class=\"encyclopedia\">Allah<\/a> enged&eacute;ly&eacute;vel &eacute;s hatalm&aacute;val. Csak a pr&oacute;f&eacute;t&aacute;k egyike (Q 4:163 6:85 33:7 42:13 57:27), aki csak a zsid&oacute;khoz k&uuml;ldetett (Q 3:49), nem minden n&eacute;phez, mint <a href=\"https:\/\/apologia.hu\/tudastar\/lexikon\/mohamed\/\" target=\"_self\" title=\"Muhammad ibn Abdullah (kb. 570-632). Arab keresked&#337;, majd vall&aacute;si, politikai, katonai vezet&#337;, az iszl&aacute;m pr&oacute;f&eacute;t&aacute;ja. Nev&eacute;nek jelent&eacute;se &bdquo;dics&eacute;retre m&eacute;lt&oacute;&rdquo;. A mai Sza&uacute;d-Ar&aacute;bia ter&uuml;let&eacute;n, Mekk&aacute;ban sz&uuml;letett, egy anyagi szempontb&oacute;l jelent&eacute;ktelen kl&aacute;n tagjak&eacute;nt. &Eacute;desapj&aacute;t (Abdullah, azaz &bdquo;Allah szolg&aacute;ja&rdquo;) m&eacute;g sz&uuml;let&eacute;se el&#337;tt vesztette el, &eacute;desanyj&aacute;t (Amina) hat&eacute;vesen, &iacute;gy anyai nagyb&aacute;tyja, Ab&uacute; T&aacute;lib nevelte. Az iszl&aacute;m pr&oacute;f&eacute;t&aacute;ja kb. 40&hellip;\" class=\"encyclopedia\">Mohamed<\/a>. &Iacute;sz&aacute; nem a p&uuml;nk&ouml;sdi Szentl&eacute;lekr&#337;l j&ouml;vend&ouml;lt, hanem Mohamedr&#337;l, teh&aacute;t &Iacute;sz&aacute; <a href=\"https:\/\/apologia.hu\/tudastar\/lexikon\/mohamed\/\" target=\"_self\" title=\"Muhammad ibn Abdullah (kb. 570-632). Arab keresked&#337;, majd vall&aacute;si, politikai, katonai vezet&#337;, az iszl&aacute;m pr&oacute;f&eacute;t&aacute;ja. Nev&eacute;nek jelent&eacute;se &bdquo;dics&eacute;retre m&eacute;lt&oacute;&rdquo;. A mai Sza&uacute;d-Ar&aacute;bia ter&uuml;let&eacute;n, Mekk&aacute;ban sz&uuml;letett, egy anyagi szempontb&oacute;l jelent&eacute;ktelen kl&aacute;n tagjak&eacute;nt. &Eacute;desapj&aacute;t (Abdullah, azaz &bdquo;Allah szolg&aacute;ja&rdquo;) m&eacute;g sz&uuml;let&eacute;se el&#337;tt vesztette el, &eacute;desanyj&aacute;t (Amina) hat&eacute;vesen, &iacute;gy anyai nagyb&aacute;tyja, Ab&uacute; T&aacute;lib nevelte. Az iszl&aacute;m pr&oacute;f&eacute;t&aacute;ja kb. 40&hellip;\" class=\"encyclopedia\">Mohamed<\/a> el&#337;fut&aacute;ra (Q 61:6). Nem lett keresztre fesz&iacute;tve, csak a zsid&oacute;knak t&#369;nt &uacute;gy (Q 4:157), teh&aacute;t nem halt meg, hanem &eacute;lve a mennybe emeltetett (Q 3:55). &Iacute;gy nem is v&aacute;ltott meg senkit, ilyesmire sem sz&uuml;ks&eacute;g, sem lehet&#337;s&eacute;g. &Iacute;sz&aacute; &eacute;l, &eacute;s visszaj&ouml;n, de &ndash; a had&iacute;szok szerit &ndash; a kereszt&eacute;nyek ellen fog tan&uacute;skodni, akik kiforgatt&aacute;k eredeti tan&iacute;t&aacute;s&aacute;t.<\/p>\n<div id=\"mouseposition-extension-element-full-container\" style=\"position: fixed; inset: 0px; pointer-events: none; z-index: 2147483647; font-weight: 400;\">\n<div id=\"mouseposition-extension-element-rect-display\" style=\"display: none; position: absolute; background: rgba(255, 255, 255, 0.7); outline: black solid 1px; font-size: 12px; z-index: 2147483647; justify-content: center; align-items: center; user-select: none; cursor: default; color: #000000; font-family: 'Helvetica Neue', Helvetica, Arial, sans-serif; width: 0px; height: 0px;\">\n<pre style=\"flex: 1 1 0%; text-align: center; background-color: rgba(255, 255, 255, 0.7); color: #000000; min-width: 42px; min-height: 12px; transition: all 1s ease 0s;\"><\/pre>\n<\/div>\n<pre id=\"mouseposition-extension-element-coordinate-display\" style=\"position: absolute; display: none; background: #ffffff; font-size: 12px; line-height: 14px; border-radius: 3px; border-width: 1px; border-color: #222222 black #333333; border-style: solid; padding: 3px; z-index: 2147483647; color: #222222; user-select: none; cursor: default; font-family: 'Helvetica Neue', Helvetica, Arial, sans-serif;\"><\/pre>\n<\/div>\n","protected":false},"excerpt":{"rendered":"<p>J\u00e9zus, a Messi\u00e1s neve arabul a Kor\u00e1nban \u2013 Az arab kereszt\u00e9nyek J\u00e9zus nev\u00e9t mindig is Jasz\u00fa-nak ejtett\u00e9k a h\u00e9ber J\u00e9sua nyom\u00e1n. A kor\u00e1ni v\u00e1ltozat (\u00cdsz\u00e1) eredete rejt\u00e9ly, vsz. az arab \u00edr\u00e1s lass\u00fa fejl\u0151d\u00e9se k\u00f6zben torzult el a kiejt\u00e9s. A Kor\u00e1n a maszih sz\u00f3t is csak \u00e1tvette a h\u00e9berb\u0151l [m\u00e1s\u00edach], de bibliai jelent\u00e9se, izraelita \u00e9s kereszt\u00e9ny &#8230;<\/p>\n","protected":false},"author":2,"featured_media":0,"template":"","encyclopedia-tag":[],"class_list":["post-3859","encyclopedia","type-encyclopedia","status-publish","hentry"],"_links":{"self":[{"href":"https:\/\/apologia.hu\/tudastar\/wp-json\/wp\/v2\/encyclopedia\/3859","targetHints":{"allow":["GET"]}}],"collection":[{"href":"https:\/\/apologia.hu\/tudastar\/wp-json\/wp\/v2\/encyclopedia"}],"about":[{"href":"https:\/\/apologia.hu\/tudastar\/wp-json\/wp\/v2\/types\/encyclopedia"}],"author":[{"embeddable":true,"href":"https:\/\/apologia.hu\/tudastar\/wp-json\/wp\/v2\/users\/2"}],"version-history":[{"count":8,"href":"https:\/\/apologia.hu\/tudastar\/wp-json\/wp\/v2\/encyclopedia\/3859\/revisions"}],"predecessor-version":[{"id":12403,"href":"https:\/\/apologia.hu\/tudastar\/wp-json\/wp\/v2\/encyclopedia\/3859\/revisions\/12403"}],"wp:attachment":[{"href":"https:\/\/apologia.hu\/tudastar\/wp-json\/wp\/v2\/media?parent=3859"}],"wp:term":[{"taxonomy":"encyclopedia-tag","embeddable":true,"href":"https:\/\/apologia.hu\/tudastar\/wp-json\/wp\/v2\/encyclopedia-tag?post=3859"}],"curies":[{"name":"wp","href":"https:\/\/api.w.org\/{rel}","templated":true}]}}